{"id":1417,"date":"2016-02-13T19:22:28","date_gmt":"2016-02-13T17:22:28","guid":{"rendered":"http:\/\/demo1.epbilisim.net\/?page_id=1417"},"modified":"2016-02-13T19:22:28","modified_gmt":"2016-02-13T17:22:28","slug":"yardimci-aparatlar","status":"publish","type":"page","link":"https:\/\/isitmakablosu.com\/TR\/nexans1\/yardimci-aparatlar\/","title":{"rendered":"Yard\u0131mc\u0131 Aparatlar"},"content":{"rendered":"<table>\n<tbody>\n<tr bgcolor=\"#F6F6F6\">\n<td width=\"1200\">\n<h4><a href=\"http:\/\/isitmakablosu.com\/tr\/nexans1\/\">\u00a0\u00a0Nexans<\/a>   &#8211;   Yard\u0131mc\u0131 Aparatlar<\/h4>\n<\/td>\n<\/tr>\n<\/tbody>\n<\/table>\n<p>&nbsp;<\/p>\n<p style=\"text-align: justify;\"><span style=\"color: #808080;\">[row topmargin=&#8221;true&#8221;][full_column]<\/span><br \/>\n<span style=\"color: #808080;\"> [header type=&#8221;4&#8243; line=&#8221;twoLines&#8221;]<span style=\"color: #000000;\">Nexans Montaj Band\u0131<\/span>[\/header]<\/span><\/p>\n<p><span style=\"color: #808080;\"><img decoding=\"async\" class=\"wp-image-2415 alignright\" src=\"http:\/\/isitmakablosu.com\/tr\/wp-content\/uploads\/2016\/02\/elik-montaj-band\u0131-e1456240778135.png\" alt=\"\u00c7elik Montaj Band\u0131\" width=\"238\" height=\"169\" srcset=\"https:\/\/isitmakablosu.com\/TR\/wp-content\/uploads\/2016\/02\/elik-montaj-band\u0131-e1456240778135-200x142.png 200w, https:\/\/isitmakablosu.com\/TR\/wp-content\/uploads\/2016\/02\/elik-montaj-band\u0131-e1456240778135-300x214.png 300w, https:\/\/isitmakablosu.com\/TR\/wp-content\/uploads\/2016\/02\/elik-montaj-band\u0131-e1456240778135.png 352w\" sizes=\"(max-width: 238px) 100vw, 238px\" \/><\/span><\/p>\n<p style=\"text-align: justify;\"><span style=\"color: #808080;\">Nexans\u00a0Montaj band\u0131, ince paslanmaz yap\u0131s\u0131yla beton alt\u0131 uygulamalar i\u00e7in son derece uygun yerli \u00fcr\u00fcnd\u00fcr. Her 2.5 cm\u2019de bir ba\u011flant\u0131 \u00e7enti\u011fi olan aparat\u0131n kabloyu kilitleme mekanizmas\u0131 vard\u0131r.<\/span><br \/>\n<span style=\"color: #808080;\"> Kilitleme, kablolar\u0131n tazyikli \u015fap d\u00f6k\u00fcm\u00fcnde bile \u00e7entikten kurularak serbest kalmas\u0131na izin vermez. Dolay\u0131s\u0131yla kablo ar\u0131zalar\u0131n\u0131n en b\u00fcy\u00fck nedeni olan birbirine temas \u00f6nlenmi\u015f olur.<\/span><br \/>\n<span style=\"color: #808080;\"> [\/full_column][\/row]<\/span><\/p>\n<p>&nbsp;<\/p>\n<p>&nbsp;<\/p>\n<p>&nbsp;<\/p>\n<p><span style=\"color: #808080;\">[row topmargin=&#8221;true&#8221;][full_column]<img decoding=\"async\" class=\" wp-image-1422 alignleft\" src=\"http:\/\/isitmakablosu.com\/tr\/wp-content\/uploads\/2016\/02\/nexans-baglanti-kiti-300x300.jpg\" alt=\"nexans-baglanti-kiti\" width=\"234\" height=\"234\" \/><\/span><\/p>\n<p style=\"text-align: justify;\"><span style=\"color: #808080;\">[header type=&#8221;4&#8243; line=&#8221;twoLines&#8221;]Nexans Ba\u011flant\u0131 Kiti[\/header]<\/span><br \/>\n<span style=\"color: #808080;\"> Nexans Ba\u011flant\u0131 kiti so\u011fuk ucu olmayan makara olarak al\u0131nan kablolarda man\u00fcel so\u011fuk u\u00e7 yapmak veya ar\u0131za yada kopma durumunda ba\u011flant\u0131y\u0131 tekrar yapmak amac\u0131yla kullan\u0131l\u0131r. \u00dcr\u00fcn seti ba\u011flant\u0131 pabu\u00e7lar\u0131, toprak alt\u0131nda dayan\u0131kl\u0131 damar makaronlar\u0131 ve \u0131s\u0131 b\u00fcz\u00fc\u015f\u00fcml\u00fc d\u0131\u015f kablo makaronlar\u0131ndan olu\u015fur.<\/span><br \/>\n<span style=\"color: #808080;\"> [\/full_column][\/row]<\/span><\/p>\n<p>&nbsp;<\/p>\n<p>&nbsp;<\/p>\n<p><span style=\"color: #808080;\">[row topmargin=&#8221;true&#8221;][full_column]<img decoding=\"async\" class=\"size-medium wp-image-1423 alignright\" src=\"http:\/\/isitmakablosu.com\/tr\/wp-content\/uploads\/2016\/02\/oluk-ici-kablo-ayirici-300x184.jpg\" alt=\"oluk-ici-kablo-ayirici\" width=\"300\" height=\"184\" srcset=\"https:\/\/isitmakablosu.com\/TR\/wp-content\/uploads\/2016\/02\/oluk-ici-kablo-ayirici-300x184.jpg 300w, https:\/\/isitmakablosu.com\/TR\/wp-content\/uploads\/2016\/02\/oluk-ici-kablo-ayirici.jpg 308w\" sizes=\"(max-width: 300px) 100vw, 300px\" \/><\/span><\/p>\n<p style=\"text-align: justify;\"><span style=\"color: #808080;\">[header type=&#8221;4&#8243; line=&#8221;twoLines&#8221;]Oluk \u0130\u00e7i Kablo Ay\u0131r\u0131c\u0131[\/header]<\/span><br \/>\n<span style=\"color: #808080;\"> Nexans plastik ay\u0131r\u0131c\u0131 \u00e7at\u0131larda oluk i\u00e7i uygulamalarda paralel d\u00f6\u015fenen \u0131s\u0131tma kablosu hatlar\u0131n\u0131n birbirlerine temas etmesini \u00f6nlemek ve kablolar\u0131n oluk i\u00e7inde sabit kalmas\u0131n\u0131 sa\u011flamak amac\u0131yla kullan\u0131l\u0131r.<\/span><br \/>\n<span style=\"color: #808080;\"> [\/full_column][\/row]<\/span><\/p>\n<p>&nbsp;<\/p>\n<p><span style=\"color: #808080;\">[row topmargin=&#8221;true&#8221;][full_column]<img decoding=\"async\" class=\"size-medium wp-image-1424 alignleft\" src=\"http:\/\/isitmakablosu.com\/tr\/wp-content\/uploads\/2016\/02\/oluk-agzi-asma-aparati-300x184.jpg\" alt=\"oluk-agzi-asma-aparati\" width=\"300\" height=\"184\" srcset=\"https:\/\/isitmakablosu.com\/TR\/wp-content\/uploads\/2016\/02\/oluk-agzi-asma-aparati-300x184.jpg 300w, https:\/\/isitmakablosu.com\/TR\/wp-content\/uploads\/2016\/02\/oluk-agzi-asma-aparati.jpg 308w\" sizes=\"(max-width: 300px) 100vw, 300px\" \/><\/span><\/p>\n<p style=\"text-align: justify;\"><span style=\"color: #808080;\">[header type=&#8221;4&#8243; line=&#8221;twoLines&#8221;]Oluk A\u011fz\u0131 Asma Aparat\u0131[\/header]<\/span><br \/>\n<span style=\"color: #808080;\"> Nexans oluk a\u011fz\u0131 asma aparat\u0131 ini\u015flere sark\u0131t\u0131lan \u0131s\u0131tma kablolar\u0131n\u0131n a\u011f\u0131rl\u0131\u011f\u0131n\u0131 ta\u015f\u0131mak amac\u0131yla kullan\u0131l\u0131r.\u00a0Aparat ini\u015f a\u011fz\u0131na tutturulur.<\/span><br \/>\n<span style=\"color: #808080;\"> [\/full_column][\/row]<\/span><\/p>\n<p>&nbsp;<\/p>\n<p>&nbsp;<\/p>\n<p style=\"text-align: center;\"><span style=\"color: #808080;\">\u00a0<\/span><\/p>\n","protected":false},"excerpt":{"rendered":"<p>\u00a0\u00a0Nexans &#8211; Yard\u0131mc\u0131 Aparatlar &nbsp; [row topmargin=&#8221;true&#8221;][full_column] [header type=&#8221;4&#8243; line=&#8221;twoLines&#8221;]Nexans  [&#8230;]<\/p>\n","protected":false},"author":1,"featured_media":0,"parent":1362,"menu_order":0,"comment_status":"closed","ping_status":"closed","template":"page-custom.php","meta":{"footnotes":""},"class_list":["post-1417","page","type-page","status-publish","hentry"],"_links":{"self":[{"href":"https:\/\/isitmakablosu.com\/TR\/wp-json\/wp\/v2\/pages\/1417","targetHints":{"allow":["GET"]}}],"collection":[{"href":"https:\/\/isitmakablosu.com\/TR\/wp-json\/wp\/v2\/pages"}],"about":[{"href":"https:\/\/isitmakablosu.com\/TR\/wp-json\/wp\/v2\/types\/page"}],"author":[{"embeddable":true,"href":"https:\/\/isitmakablosu.com\/TR\/wp-json\/wp\/v2\/users\/1"}],"replies":[{"embeddable":true,"href":"https:\/\/isitmakablosu.com\/TR\/wp-json\/wp\/v2\/comments?post=1417"}],"version-history":[{"count":0,"href":"https:\/\/isitmakablosu.com\/TR\/wp-json\/wp\/v2\/pages\/1417\/revisions"}],"up":[{"embeddable":true,"href":"https:\/\/isitmakablosu.com\/TR\/wp-json\/wp\/v2\/pages\/1362"}],"wp:attachment":[{"href":"https:\/\/isitmakablosu.com\/TR\/wp-json\/wp\/v2\/media?parent=1417"}],"curies":[{"name":"wp","href":"https:\/\/api.w.org\/{rel}","templated":true}]}}